{"id":1232,"date":"2019-12-02T20:20:42","date_gmt":"2019-12-02T20:20:42","guid":{"rendered":"https:\/\/www.theswingingkids.com\/?page_id=1232"},"modified":"2020-01-30T19:57:30","modified_gmt":"2020-01-30T19:57:30","slug":"2018-2","status":"publish","type":"page","link":"https:\/\/www.theswingingkids.com\/index.php\/2018-2\/","title":{"rendered":"2018"},"content":{"rendered":"<h3>\n\t\t\t\t\tNos repr\u00e9sentations<br \/>\n\t\t\t\t<\/h3>\n<p>Voici tous nos concerts, spectacles ou apparitions lors d&rsquo;\u00e9v\u00e9nements durant cette ann\u00e9e 2018 !<\/p>\n<article>\n<h2>\n\t\t\t\t\t\t\t<a href=\"https:\/\/www.theswingingkids.com\/index.php\/2018\/12\/03\/samedi-15-decembre-a-19h-concert-au-dukes-music-bar-a-lausanne\/\" title=\"Samedi 15 d\u00e9cembre \u00e0 19h: Concert au Duke&rsquo;s Music Bar \u00e0 Lausanne\"><br \/>\n\t\t\t\t\tSamedi 15 d\u00e9cembre \u00e0 19h: Concert au Duke&rsquo;s Music Bar \u00e0 Lausanne\t\t\t\t<\/a><br \/>\n\t\t\t\t\t\t\t<\/h2>\n<p>\t\t\t\t\t\t\t\t\tG\u00e0bor Barta<br \/>\n\t\t\t\t\t\t\t\t\td\u00e9cembre 3, 2018<br \/>\n\t\t\t\tAmbiance d\u00e9contract\u00e9e et des bons vins \u00e0 d\u00e9guster! www.dukes-bar.ch<br \/>\n\t\t\t\t<a href=\"https:\/\/www.theswingingkids.com\/index.php\/2018\/12\/03\/samedi-15-decembre-a-19h-concert-au-dukes-music-bar-a-lausanne\/\"\n\t\t\t\t   title=\"Read more\">Read more<\/a><br \/>\n\t\t\t<!-- .obfx-grid-col-content --><\/article>\n<article>\n\t\t\t\t\t\t<a href=\"https:\/\/www.theswingingkids.com\/index.php\/2018\/10\/31\/the-swinging-kids-au-chateau-de-st-barthelemy\/\" title=\"Le 25 novembre Concert -Brunch au Chateau de St.Barth\u00e9lemy\"><br \/>\n\t\t\t\t\t\t\t<img loading=\"lazy\" decoding=\"async\" width=\"400\" height=\"267\" src=\"https:\/\/www.theswingingkids.com\/wp-content\/uploads\/2018\/10\/stbarthelemy0507631.jpg\" alt=\"The Swinging Kids \u00e0 St.Barth\u00e9lemy\" srcset=\"https:\/\/www.theswingingkids.com\/wp-content\/uploads\/2018\/10\/stbarthelemy0507631.jpg 400w, https:\/\/www.theswingingkids.com\/wp-content\/uploads\/2018\/10\/stbarthelemy0507631-300x200.jpg 300w, https:\/\/www.theswingingkids.com\/wp-content\/uploads\/2018\/10\/stbarthelemy0507631-360x240.jpg 360w\" sizes=\"(max-width: 400px) 100vw, 400px\" \/>\t\t\t\t\t\t<\/a><\/p>\n<h2>\n\t\t\t\t\t\t\t<a href=\"https:\/\/www.theswingingkids.com\/index.php\/2018\/10\/31\/the-swinging-kids-au-chateau-de-st-barthelemy\/\" title=\"Le 25 novembre Concert -Brunch au Chateau de St.Barth\u00e9lemy\"><br \/>\n\t\t\t\t\tLe 25 novembre Concert -Brunch au Chateau de St.Barth\u00e9lemy\t\t\t\t<\/a><br \/>\n\t\t\t\t\t\t\t<\/h2>\n<p>\t\t\t\t\t\t\t\t\tG\u00e0bor Barta<br \/>\n\t\t\t\t\t\t\t\t\toctobre 31, 2018<br \/>\n\t\t\t\tLe 25 novembre prochain, nous sommes les invit\u00e9s \u00e0 la ferme du ch\u00e2teau de St.Barth\u00e9lemy, dans le cadre des brunchs du dimanche du CSC. Le concert est ouvert \u00e0 tout&hellip;<br \/>\n\t\t\t\t<a href=\"https:\/\/www.theswingingkids.com\/index.php\/2018\/10\/31\/the-swinging-kids-au-chateau-de-st-barthelemy\/\"\n\t\t\t\t   title=\"Read more\">Read more<\/a><br \/>\n\t\t\t<!-- .obfx-grid-col-content --><\/article>\n<article>\n\t\t\t\t\t\t<a href=\"https:\/\/www.theswingingkids.com\/index.php\/2018\/08\/14\/concert-au-galetas-de-sottens-le-17-8-2018-a-18h-sottens\/\" title=\"Concert au \u00ab\u00a0Galetas de Sottens\u00a0\u00bb. Vendredi 17 ao\u00fbt 2018 \u00e0 18h Sottens\"><br \/>\n\t\t\t\t\t\t\t<img loading=\"lazy\" decoding=\"async\" width=\"692\" height=\"960\" src=\"https:\/\/www.theswingingkids.com\/wp-content\/uploads\/2018\/08\/Sottens-Galetas-aug17.png\" alt=\"The Swinging Kids \u00e0 Sottens. 18.08.2018\" srcset=\"https:\/\/www.theswingingkids.com\/wp-content\/uploads\/2018\/08\/Sottens-Galetas-aug17.png 692w, https:\/\/www.theswingingkids.com\/wp-content\/uploads\/2018\/08\/Sottens-Galetas-aug17-216x300.png 216w\" sizes=\"(max-width: 692px) 100vw, 692px\" \/>\t\t\t\t\t\t<\/a><\/p>\n<h2>\n\t\t\t\t\t\t\t<a href=\"https:\/\/www.theswingingkids.com\/index.php\/2018\/08\/14\/concert-au-galetas-de-sottens-le-17-8-2018-a-18h-sottens\/\" title=\"Concert au \u00ab\u00a0Galetas de Sottens\u00a0\u00bb. Vendredi 17 ao\u00fbt 2018 \u00e0 18h Sottens\"><br \/>\n\t\t\t\t\tConcert au \u00ab\u00a0Galetas de Sottens\u00a0\u00bb. Vendredi 17 ao\u00fbt 2018 \u00e0 18h Sottens\t\t\t\t<\/a><br \/>\n\t\t\t\t\t\t\t<\/h2>\n<p>\t\t\t\t\t\t\t\t\tG\u00e0bor Barta<br \/>\n\t\t\t\t\t\t\t\t\tao\u00fbt 14, 2018<br \/>\n\t\t\t\tConcert au \u00ab\u00a0Galetas de Sottens\u00a0\u00bb &nbsp; Retour en un lieu mythique, le Galetas de Sottens est un cadre de r\u00eave pour notre musique! Les enfants sont notre public de pr\u00e9dilection,&hellip;<br \/>\n\t\t\t\t<a href=\"https:\/\/www.theswingingkids.com\/index.php\/2018\/08\/14\/concert-au-galetas-de-sottens-le-17-8-2018-a-18h-sottens\/\"\n\t\t\t\t   title=\"Read more\">Read more<\/a><br \/>\n\t\t\t<!-- .obfx-grid-col-content --><\/article>\n<article>\n\t\t\t\t\t\t<a href=\"https:\/\/www.theswingingkids.com\/index.php\/2018\/07\/17\/music-et-cirque-a-orbe\/\" title=\"Le 8 septembre 2018 : C&rsquo;est le cirque au Moulin!&#8230;\"><br \/>\n\t\t\t\t\t\t\t<img loading=\"lazy\" decoding=\"async\" width=\"2480\" height=\"3507\" src=\"https:\/\/www.theswingingkids.com\/wp-content\/uploads\/2018\/08\/flyer_moulinmouline18_swingingkids_300dpi_A4.jpg\" alt=\"The Swinging Kids &#8211; Moulin Mouline\" srcset=\"https:\/\/www.theswingingkids.com\/wp-content\/uploads\/2018\/08\/flyer_moulinmouline18_swingingkids_300dpi_A4.jpg 2480w, https:\/\/www.theswingingkids.com\/wp-content\/uploads\/2018\/08\/flyer_moulinmouline18_swingingkids_300dpi_A4-212x300.jpg 212w, https:\/\/www.theswingingkids.com\/wp-content\/uploads\/2018\/08\/flyer_moulinmouline18_swingingkids_300dpi_A4-768x1086.jpg 768w, https:\/\/www.theswingingkids.com\/wp-content\/uploads\/2018\/08\/flyer_moulinmouline18_swingingkids_300dpi_A4-724x1024.jpg 724w\" sizes=\"(max-width: 2480px) 100vw, 2480px\" \/>\t\t\t\t\t\t<\/a><\/p>\n<h2>\n\t\t\t\t\t\t\t<a href=\"https:\/\/www.theswingingkids.com\/index.php\/2018\/07\/17\/music-et-cirque-a-orbe\/\" title=\"Le 8 septembre 2018 : C&rsquo;est le cirque au Moulin!&#8230;\"><br \/>\n\t\t\t\t\tLe 8 septembre 2018 : C&rsquo;est le cirque au Moulin!&#8230;\t\t\t\t<\/a><br \/>\n\t\t\t\t\t\t\t<\/h2>\n<p>\t\t\t\t\t\t\t\t\tG\u00e0bor Barta<br \/>\n\t\t\t\t\t\t\t\t\tjuillet 17, 2018<br \/>\n\t\t\t\tC\u2019est le cirque au Moulin Le 8 septembre 2018, nous nous produisons dans le festival \u00ab\u00a0Moulin-mouline\u00a0\u00bb de Orbe. Le 8 septembre 2018, nous nous produisons \u00e0 nouveau dans le domaine&hellip;<br \/>\n\t\t\t\t<a href=\"https:\/\/www.theswingingkids.com\/index.php\/2018\/07\/17\/music-et-cirque-a-orbe\/\"\n\t\t\t\t   title=\"Read more\">Read more<\/a><br \/>\n\t\t\t<!-- .obfx-grid-col-content --><\/article>\n<article>\n\t\t\t\t\t\t<a href=\"https:\/\/www.theswingingkids.com\/index.php\/2018\/07\/17\/syntonisez-la-radio-suisse-the-swinging-kids-au-kiosque-de-la-musique\/\" title=\"Live sur RTS \u00ab\u00a0La premi\u00e8re\u00a0\u00bb!\"><br \/>\n\t\t\t\t\t\t\t<img loading=\"lazy\" decoding=\"async\" width=\"357\" height=\"446\" src=\"https:\/\/www.theswingingkids.com\/wp-content\/uploads\/2018\/07\/1ere.png\" alt=\"The Swinging Kids &#8211; Le kiosque \u00e0 Musiques\" srcset=\"https:\/\/www.theswingingkids.com\/wp-content\/uploads\/2018\/07\/1ere.png 357w, https:\/\/www.theswingingkids.com\/wp-content\/uploads\/2018\/07\/1ere-240x300.png 240w\" sizes=\"(max-width: 357px) 100vw, 357px\" \/>\t\t\t\t\t\t<\/a><\/p>\n<h2>\n\t\t\t\t\t\t\t<a href=\"https:\/\/www.theswingingkids.com\/index.php\/2018\/07\/17\/syntonisez-la-radio-suisse-the-swinging-kids-au-kiosque-de-la-musique\/\" title=\"Live sur RTS \u00ab\u00a0La premi\u00e8re\u00a0\u00bb!\"><br \/>\n\t\t\t\t\tLive sur RTS \u00ab\u00a0La premi\u00e8re\u00a0\u00bb!\t\t\t\t<\/a><br \/>\n\t\t\t\t\t\t\t<\/h2>\n<p>\t\t\t\t\t\t\t\t\tG\u00e0bor Barta<br \/>\n\t\t\t\t\t\t\t\t\tjuillet 17, 2018<br \/>\n\t\t\t\tThe Swinging Kids invit\u00e9s de Jean-Marc Richard dans l&rsquo;\u00e9mission radio \u00ab\u00a0Le Kisque \u00e0 Musiques\u00a0\u00bb Le 18 ao\u00fbt \u00e0 11h &#8211; La1\u00e8re Le 18 ao\u00fbt prochain \u00e0 11h, nous serons les&hellip;<br \/>\n\t\t\t\t<a href=\"https:\/\/www.theswingingkids.com\/index.php\/2018\/07\/17\/syntonisez-la-radio-suisse-the-swinging-kids-au-kiosque-de-la-musique\/\"\n\t\t\t\t   title=\"Read more\">Read more<\/a><br \/>\n\t\t\t<!-- .obfx-grid-col-content --><\/article>\n<article>\n\t\t\t\t\t\t<a href=\"https:\/\/www.theswingingkids.com\/index.php\/2018\/07\/17\/the-swinging-kids-se-produisent-a-la-fete-du-ble-et-du-pain-a-echallens\/\" title=\"The Swinging Kids \u00e0 la F\u00eate du Bl\u00e9 et du Pain 2018 \u00e0 Echallens\"><br \/>\n\t\t\t\t\t\t\t<img loading=\"lazy\" decoding=\"async\" width=\"940\" height=\"788\" src=\"https:\/\/www.theswingingkids.com\/wp-content\/uploads\/2018\/07\/36034262_1863424137292193_1108902204401516544_n.png\" alt=\"36034262_1863424137292193_1108902204401516544_n\" srcset=\"https:\/\/www.theswingingkids.com\/wp-content\/uploads\/2018\/07\/36034262_1863424137292193_1108902204401516544_n.png 940w, https:\/\/www.theswingingkids.com\/wp-content\/uploads\/2018\/07\/36034262_1863424137292193_1108902204401516544_n-300x251.png 300w, https:\/\/www.theswingingkids.com\/wp-content\/uploads\/2018\/07\/36034262_1863424137292193_1108902204401516544_n-768x644.png 768w\" sizes=\"(max-width: 940px) 100vw, 940px\" \/>\t\t\t\t\t\t<\/a><\/p>\n<h2>\n\t\t\t\t\t\t\t<a href=\"https:\/\/www.theswingingkids.com\/index.php\/2018\/07\/17\/the-swinging-kids-se-produisent-a-la-fete-du-ble-et-du-pain-a-echallens\/\" title=\"The Swinging Kids \u00e0 la F\u00eate du Bl\u00e9 et du Pain 2018 \u00e0 Echallens\"><br \/>\n\t\t\t\t\tThe Swinging Kids \u00e0 la F\u00eate du Bl\u00e9 et du Pain 2018 \u00e0 Echallens\t\t\t\t<\/a><br \/>\n\t\t\t\t\t\t\t<\/h2>\n<p>\t\t\t\t\t\t\t\t\tG\u00e0bor Barta<br \/>\n\t\t\t\t\t\t\t\t\tjuillet 17, 2018<br \/>\n\t\t\t\tVenez nous \u00e9couter \u00e0 la F\u00eate du Bl\u00e9 et du Pain 2018 \u00e0 Echallens le 18.08.18 Venez nous \u00e9couter \u00e0 la F\u00eate du Bl\u00e9 et du Pain 2018 \u00e0 Echallens:&hellip;<br \/>\n\t\t\t\t<a href=\"https:\/\/www.theswingingkids.com\/index.php\/2018\/07\/17\/the-swinging-kids-se-produisent-a-la-fete-du-ble-et-du-pain-a-echallens\/\"\n\t\t\t\t   title=\"Read more\">Read more<\/a><br \/>\n\t\t\t<!-- .obfx-grid-col-content --><\/article>\n<p><!-- .obfx-grid-container --><!-- .obfx-grid -->\t\t<\/p>\n<h3>\n\t\t\t\t\tGalerie photo<br \/>\n\t\t\t\t<\/h3>\n<p>Quelques photos prises durant cette ann\u00e9e !<\/p>\n<style type='text\/css'>\n\t\t\t#gallery-1 {\n\t\t\t\tmargin: auto;\n\t\t\t}\n\t\t\t#gallery-1 .gallery-item {\n\t\t\t\tfloat: left;\n\t\t\t\tmargin-top: 10px;\n\t\t\t\ttext-align: center;\n\t\t\t\twidth: 33%;\n\t\t\t}\n\t\t\t#gallery-1 img {\n\t\t\t\tborder: 2px solid #cfcfcf;\n\t\t\t}\n\t\t\t#gallery-1 .gallery-caption {\n\t\t\t\tmargin-left: 0;\n\t\t\t}\n\t\t\t\/* see gallery_shortcode() in wp-includes\/media.php *\/\n\t\t<\/style>\n<dl class='gallery-item'>\n<dt class='gallery-icon landscape'>\n\t\t\t\t<a data-elementor-open-lightbox=\"default\" data-elementor-lightbox-slideshow=\"9b72aa1\" href='https:\/\/www.theswingingkids.com\/wp-content\/uploads\/2018\/12\/Dukes.jpg'><img loading=\"lazy\" decoding=\"async\" width=\"651\" height=\"366\" src=\"https:\/\/www.theswingingkids.com\/wp-content\/uploads\/2018\/12\/Dukes.jpg\" alt=\"\" aria-describedby=\"gallery-1-1082\" srcset=\"https:\/\/www.theswingingkids.com\/wp-content\/uploads\/2018\/12\/Dukes.jpg 651w, https:\/\/www.theswingingkids.com\/wp-content\/uploads\/2018\/12\/Dukes-300x169.jpg 300w\" sizes=\"(max-width: 651px) 100vw, 651px\" \/><\/a>\n\t\t\t<\/dt>\n<dd class='wp-caption-text gallery-caption' id='gallery-1-1082'>\n\t\t\t\tAu Duke&rsquo;s Bar\n\t\t\t\t<\/dd>\n<\/dl>\n<dl class='gallery-item'>\n<dt class='gallery-icon landscape'>\n\t\t\t\t<a data-elementor-open-lightbox=\"default\" data-elementor-lightbox-slideshow=\"9b72aa1\" href='https:\/\/www.theswingingkids.com\/wp-content\/uploads\/2018\/11\/Foto-SK-3.jpg'><img loading=\"lazy\" decoding=\"async\" width=\"750\" height=\"563\" src=\"https:\/\/www.theswingingkids.com\/wp-content\/uploads\/2018\/11\/Foto-SK-3-1024x768.jpg\" alt=\"\" aria-describedby=\"gallery-1-1049\" srcset=\"https:\/\/www.theswingingkids.com\/wp-content\/uploads\/2018\/11\/Foto-SK-3-1024x768.jpg 1024w, https:\/\/www.theswingingkids.com\/wp-content\/uploads\/2018\/11\/Foto-SK-3-300x225.jpg 300w, https:\/\/www.theswingingkids.com\/wp-content\/uploads\/2018\/11\/Foto-SK-3-768x576.jpg 768w, https:\/\/www.theswingingkids.com\/wp-content\/uploads\/2018\/11\/Foto-SK-3.jpg 1600w\" sizes=\"(max-width: 750px) 100vw, 750px\" \/><\/a>\n\t\t\t<\/dt>\n<dd class='wp-caption-text gallery-caption' id='gallery-1-1049'>\n\t\t\t\t\u00c0 la Valencienne\n\t\t\t\t<\/dd>\n<\/dl>\n<dl class='gallery-item'>\n<dt class='gallery-icon landscape'>\n\t\t\t\t<a data-elementor-open-lightbox=\"default\" data-elementor-lightbox-slideshow=\"9b72aa1\" href='https:\/\/www.theswingingkids.com\/wp-content\/uploads\/2018\/11\/Foto-SK-2.jpg'><img loading=\"lazy\" decoding=\"async\" width=\"750\" height=\"563\" src=\"https:\/\/www.theswingingkids.com\/wp-content\/uploads\/2018\/11\/Foto-SK-2-1024x768.jpg\" alt=\"\" aria-describedby=\"gallery-1-1016\" srcset=\"https:\/\/www.theswingingkids.com\/wp-content\/uploads\/2018\/11\/Foto-SK-2-1024x768.jpg 1024w, https:\/\/www.theswingingkids.com\/wp-content\/uploads\/2018\/11\/Foto-SK-2-300x225.jpg 300w, https:\/\/www.theswingingkids.com\/wp-content\/uploads\/2018\/11\/Foto-SK-2-768x576.jpg 768w, https:\/\/www.theswingingkids.com\/wp-content\/uploads\/2018\/11\/Foto-SK-2.jpg 1600w\" sizes=\"(max-width: 750px) 100vw, 750px\" \/><\/a>\n\t\t\t<\/dt>\n<dd class='wp-caption-text gallery-caption' id='gallery-1-1016'>\n\t\t\t\tAvec Jean-Marc Richard !\n\t\t\t\t<\/dd>\n<\/dl>\n<p><br style=\"clear: both\" \/><\/p>\n","protected":false},"excerpt":{"rendered":"<p>Nos repr\u00e9sentations Voici tous nos concerts, spectacles ou apparitions lors d&rsquo;\u00e9v\u00e9nements durant cette ann\u00e9e 2018 ! Samedi 15 d\u00e9cembre \u00e0 19h: Concert au Duke&rsquo;s Music Bar \u00e0 Lausanne G\u00e0bor Barta d\u00e9cembre 3, 2018 Ambiance d\u00e9contract\u00e9e et des bons vins \u00e0 d\u00e9guster! www.dukes-bar.ch Read more Le 25 novembre Concert -Brunch au [&hellip;]<\/p>\n","protected":false},"author":3,"featured_media":0,"parent":0,"menu_order":0,"comment_status":"closed","ping_status":"closed","template":"page-templates\/template-fullwidth.php","meta":{"_monsterinsights_skip_tracking":false,"_monsterinsights_sitenote_active":false,"_monsterinsights_sitenote_note":"","_monsterinsights_sitenote_category":0,"footnotes":""},"class_list":["post-1232","page","type-page","status-publish","hentry"],"_links":{"self":[{"href":"https:\/\/www.theswingingkids.com\/index.php\/wp-json\/wp\/v2\/pages\/1232"}],"collection":[{"href":"https:\/\/www.theswingingkids.com\/index.php\/wp-json\/wp\/v2\/pages"}],"about":[{"href":"https:\/\/www.theswingingkids.com\/index.php\/wp-json\/wp\/v2\/types\/page"}],"author":[{"embeddable":true,"href":"https:\/\/www.theswingingkids.com\/index.php\/wp-json\/wp\/v2\/users\/3"}],"replies":[{"embeddable":true,"href":"https:\/\/www.theswingingkids.com\/index.php\/wp-json\/wp\/v2\/comments?post=1232"}],"version-history":[{"count":3,"href":"https:\/\/www.theswingingkids.com\/index.php\/wp-json\/wp\/v2\/pages\/1232\/revisions"}],"predecessor-version":[{"id":1286,"href":"https:\/\/www.theswingingkids.com\/index.php\/wp-json\/wp\/v2\/pages\/1232\/revisions\/1286"}],"wp:attachment":[{"href":"https:\/\/www.theswingingkids.com\/index.php\/wp-json\/wp\/v2\/media?parent=1232"}],"curies":[{"name":"wp","href":"https:\/\/api.w.org\/{rel}","templated":true}]}}